{"id":44,"date":"2011-09-26T15:06:26","date_gmt":"2011-09-26T15:06:26","guid":{"rendered":"https:\/\/www.dpsg-grevenbroich.de\/?page_id=44"},"modified":"2023-10-29T08:07:50","modified_gmt":"2023-10-29T07:07:50","slug":"rover","status":"publish","type":"page","link":"https:\/\/www.dpsg-grevenbroich.de\/?page_id=44","title":{"rendered":"Rover"},"content":{"rendered":"<p>Gut Pfad!<\/p>\n<p>Zur Roverrunde z\u00e4hlen aktuell 10 Rover.<\/p>\n<p>Die Roverbegleiter:innen im Leitungsjahr 2023\/24 sind Svenja &amp; Florian.<\/p>\n<p>&gt;&gt;&gt;Du m\u00f6chtest Mitglied in unserem Stamm werden? <a href=\"https:\/\/www.dpsg-grevenbroich.de\/wp-content\/uploads\/Anmeldung2022.pdf\">Dann findest Du HIER unser Anmeldeformular!<\/a><\/p>\n<p><em>Mehr Inhalte folgen&#8230;<\/em><\/p>\n<p>Das Sommerlager 2017 f\u00fchrte uns nach D\u00e4nemark (Romo \/ Aresso \/ Sonderborg) sowie nach Deutschland (Tydal)<\/p>\n<div id=\"attachment_1226\" style=\"width: 310px\" class=\"wp-caption alignleft\"><img aria-describedby=\"caption-attachment-1226\" decoding=\"async\" loading=\"lazy\" class=\"wp-image-1226 size-medium\" src=\"https:\/\/www.dpsg-grevenbroich.de\/wp-content\/uploads\/D\u00e4neJamb-300x209.png\" alt=\"daenejamb\" width=\"300\" height=\"209\" srcset=\"https:\/\/www.dpsg-grevenbroich.de\/wp-content\/uploads\/D\u00e4neJamb-300x209.png 300w, https:\/\/www.dpsg-grevenbroich.de\/wp-content\/uploads\/D\u00e4neJamb-750x524.png 750w, https:\/\/www.dpsg-grevenbroich.de\/wp-content\/uploads\/D\u00e4neJamb.png 1001w\" sizes=\"(max-width: 300px) 100vw, 300px\" \/><p id=\"caption-attachment-1226\" class=\"wp-caption-text\">Mitternacht beim D\u00e4ne Jamboree in Sonderborg<\/p><\/div>\n<p>Im Sommer 2016 waren sieben mit im Sommerlager in Schweden.<\/p>\n<div id=\"attachment_1115\" style=\"width: 267px\" class=\"wp-caption alignnone\"><a href=\"https:\/\/www.dpsg-grevenbroich.de\/wp-content\/uploads\/Vaessero.jpg\"><img aria-describedby=\"caption-attachment-1115\" decoding=\"async\" loading=\"lazy\" class=\"wp-image-1115 size-medium\" src=\"https:\/\/www.dpsg-grevenbroich.de\/wp-content\/uploads\/Vaessero-257x300.jpg\" alt=\"vaessero\" width=\"257\" height=\"300\" srcset=\"https:\/\/www.dpsg-grevenbroich.de\/wp-content\/uploads\/Vaessero-257x300.jpg 257w, https:\/\/www.dpsg-grevenbroich.de\/wp-content\/uploads\/Vaessero.jpg 778w\" sizes=\"(max-width: 257px) 100vw, 257px\" \/><\/a><p id=\"caption-attachment-1115\" class=\"wp-caption-text\">Leiter am Trapper Track auf V\u00e4sser\u00f6<\/p><\/div>\n<p>Teile des Sommerlagers haben wir uns durch den Verkauf von Knoten mit eingen\u00e4hter Lilie finanziert.<br \/>\nEs zog uns einige Tage nach Stockholm,<\/p>\n<div id=\"attachment_1110\" style=\"width: 310px\" class=\"wp-caption alignleft\"><a href=\"https:\/\/www.dpsg-grevenbroich.de\/wp-content\/uploads\/Ikea.jpg\"><img aria-describedby=\"caption-attachment-1110\" decoding=\"async\" loading=\"lazy\" class=\"wp-image-1110 size-medium\" src=\"https:\/\/www.dpsg-grevenbroich.de\/wp-content\/uploads\/Ikea-300x255.jpg\" alt=\"ikea\" width=\"300\" height=\"255\" srcset=\"https:\/\/www.dpsg-grevenbroich.de\/wp-content\/uploads\/Ikea-300x255.jpg 300w, https:\/\/www.dpsg-grevenbroich.de\/wp-content\/uploads\/Ikea.jpg 846w\" sizes=\"(max-width: 300px) 100vw, 300px\" \/><\/a><p id=\"caption-attachment-1110\" class=\"wp-caption-text\">Schweden ohne IKEA &#8230; ohne uns<\/p><\/div>\n<p>auf die Pfadfinder Insel V\u00e4sser\u00f6,<\/p>\n<div id=\"attachment_1114\" style=\"width: 310px\" class=\"wp-caption alignleft\"><img aria-describedby=\"caption-attachment-1114\" decoding=\"async\" loading=\"lazy\" class=\"wp-image-1114 size-medium\" src=\"https:\/\/www.dpsg-grevenbroich.de\/wp-content\/uploads\/Vaessero2-300x186.jpg\" alt=\"vaessero2\" width=\"300\" height=\"186\" srcset=\"https:\/\/www.dpsg-grevenbroich.de\/wp-content\/uploads\/Vaessero2-300x186.jpg 300w, https:\/\/www.dpsg-grevenbroich.de\/wp-content\/uploads\/Vaessero2-1024x635.jpg 1024w, https:\/\/www.dpsg-grevenbroich.de\/wp-content\/uploads\/Vaessero2.jpg 1155w\" sizes=\"(max-width: 300px) 100vw, 300px\" \/><p id=\"caption-attachment-1114\" class=\"wp-caption-text\">D\u00e4mmerung auf V\u00e4sser\u00f6<\/p><\/div>\n<p>und auf den Grona Sparet (die gr\u00fcne Spur , the green Track) ein typischer schwedischer Hike.<\/p>\n<div id=\"attachment_1116\" style=\"width: 348px\" class=\"wp-caption alignnone\"><a href=\"https:\/\/www.dpsg-grevenbroich.de\/wp-content\/uploads\/gruentrack.jpg\"><img aria-describedby=\"caption-attachment-1116\" decoding=\"async\" loading=\"lazy\" class=\"wp-image-1116\" src=\"https:\/\/www.dpsg-grevenbroich.de\/wp-content\/uploads\/gruentrack-279x300.jpg\" alt=\"gruentrack\" width=\"338\" height=\"363\" srcset=\"https:\/\/www.dpsg-grevenbroich.de\/wp-content\/uploads\/gruentrack-279x300.jpg 279w, https:\/\/www.dpsg-grevenbroich.de\/wp-content\/uploads\/gruentrack.jpg 670w\" sizes=\"(max-width: 338px) 100vw, 338px\" \/><\/a><p id=\"caption-attachment-1116\" class=\"wp-caption-text\">Pfannekuchen mit Speck und s\u00fc\u00dfer Creme mitten im Irgendwo<\/p><\/div>\n<p>DAMALS:<\/p>\n<p>Wir sind die Roverrunde oder zumindest der Teil der mit im Winterlager 2014 war.<\/p>\n<p><a href=\"https:\/\/www.dpsg-grevenbroich.de\/wp-content\/uploads\/Aektschoen.jpg\"><img decoding=\"async\" loading=\"lazy\" class=\"alignnone size-large wp-image-884\" src=\"https:\/\/www.dpsg-grevenbroich.de\/wp-content\/uploads\/Aektschoen-1024x768.jpg\" alt=\"Aektschoen\" width=\"489\" height=\"367\" srcset=\"https:\/\/www.dpsg-grevenbroich.de\/wp-content\/uploads\/Aektschoen-1024x768.jpg 1024w, https:\/\/www.dpsg-grevenbroich.de\/wp-content\/uploads\/Aektschoen-300x225.jpg 300w\" sizes=\"(max-width: 489px) 100vw, 489px\" \/><\/a><\/p>\n<p>Wenn man \u00fcber die Jahre durch die Kinder- und Pfadistufe gereift ist, kann man sich endlich zu den Rovern z\u00e4hlen.<\/p>\n<p>&#8212;&#8211; endlich am Meer , vom Stammeslager 2014 in Leuven zu Fuss nach Oostende<\/p>\n<p><a href=\"https:\/\/www.dpsg-grevenbroich.de\/wp-content\/uploads\/Rover_am_Ziel.jpg\"><img decoding=\"async\" loading=\"lazy\" class=\"alignnone  wp-image-903\" src=\"https:\/\/www.dpsg-grevenbroich.de\/wp-content\/uploads\/Rover_am_Ziel.jpg\" alt=\"Rover_am_Ziel\" width=\"489\" height=\"367\" srcset=\"https:\/\/www.dpsg-grevenbroich.de\/wp-content\/uploads\/Rover_am_Ziel.jpg 1024w, https:\/\/www.dpsg-grevenbroich.de\/wp-content\/uploads\/Rover_am_Ziel-300x225.jpg 300w\" sizes=\"(max-width: 489px) 100vw, 489px\" \/><\/a><\/p>\n<p>Unsere Mitglieder sind zwischen 16 und 21 Jahre alt und treffen sich immer mittwochs abends.<\/p>\n<p>Im Gegensatz zu den Kindern und Jugendlichen aus der Pfadistufe, bestimmen wir unser Programm, unsere Aktionen und Lager v\u00f6llig selbstst\u00e4ndig.<br \/>\nWir machen das, worauf wir Lust haben &#8211; und wenn wir keine Lust haben sollten, machen wir auch mal guten Gewissens nichts.<\/p>\n<p>Rover\/-in sein, das hei\u00dft, f\u00fcr seine\/ihre Interessen einzustehen und mit der Roverrunde gemeinsam zu \u00fcberlegen, was so unternommen werden soll.<\/p>\n<p>Unser(e) BegLeiter achten darauf, dass die Bed\u00fcrfnisse jedes Mitglieds<br \/>\nber\u00fccksichtigt werden und gewisse Grenzen bewahrt werden, halten sich<br \/>\njedoch ansonsten mit den Planungen zur\u00fcck, um den Rovern m\u00f6glichst gro\u00dfen Freiraum zu lassen.<\/p>\n","protected":false},"excerpt":{"rendered":"<p>Gut Pfad! Zur Roverrunde z\u00e4hlen aktuell 10 Rover. Die Roverbegleiter:innen im Leitungsjahr 2023\/24 sind Svenja &amp; Florian. &gt;&gt;&gt;Du m\u00f6chtest Mitglied in unserem Stamm werden? Dann findest Du HIER unser Anmeldeformular! Mehr Inhalte folgen&#8230; Das Sommerlager 2017 f\u00fchrte uns nach D\u00e4nemark (Romo \/ Aresso \/ Sonderborg) sowie nach Deutschland (Tydal) Im Sommer 2016 waren sieben mit&#8230;<\/p>\n","protected":false},"author":3,"featured_media":0,"parent":18,"menu_order":0,"comment_status":"open","ping_status":"open","template":"template-full.php","meta":[],"_links":{"self":[{"href":"https:\/\/www.dpsg-grevenbroich.de\/index.php?rest_route=\/wp\/v2\/pages\/44"}],"collection":[{"href":"https:\/\/www.dpsg-grevenbroich.de\/index.php?rest_route=\/wp\/v2\/pages"}],"about":[{"href":"https:\/\/www.dpsg-grevenbroich.de\/index.php?rest_route=\/wp\/v2\/types\/page"}],"author":[{"embeddable":true,"href":"https:\/\/www.dpsg-grevenbroich.de\/index.php?rest_route=\/wp\/v2\/users\/3"}],"replies":[{"embeddable":true,"href":"https:\/\/www.dpsg-grevenbroich.de\/index.php?rest_route=%2Fwp%2Fv2%2Fcomments&post=44"}],"version-history":[{"count":35,"href":"https:\/\/www.dpsg-grevenbroich.de\/index.php?rest_route=\/wp\/v2\/pages\/44\/revisions"}],"predecessor-version":[{"id":1480,"href":"https:\/\/www.dpsg-grevenbroich.de\/index.php?rest_route=\/wp\/v2\/pages\/44\/revisions\/1480"}],"up":[{"embeddable":true,"href":"https:\/\/www.dpsg-grevenbroich.de\/index.php?rest_route=\/wp\/v2\/pages\/18"}],"wp:attachment":[{"href":"https:\/\/www.dpsg-grevenbroich.de\/index.php?rest_route=%2Fwp%2Fv2%2Fmedia&parent=44"}],"curies":[{"name":"wp","href":"https:\/\/api.w.org\/{rel}","templated":true}]}}